{"id":1740,"date":"2026-02-11T11:19:16","date_gmt":"2026-02-11T11:19:16","guid":{"rendered":"https:\/\/www.coeurdalgues.fr\/?page_id=1740"},"modified":"2026-04-27T08:58:41","modified_gmt":"2026-04-27T08:58:41","slug":"calendrier-et-reservation","status":"publish","type":"page","link":"https:\/\/www.coeurdalgues.fr\/index.php\/calendrier-et-reservation\/","title":{"rendered":"Actus"},"content":{"rendered":"[vc_row type=&#8221;full_width_background&#8221; full_screen_row_position=&#8221;middle&#8221; column_margin=&#8221;default&#8221; column_direction=&#8221;default&#8221; column_direction_tablet=&#8221;default&#8221; column_direction_phone=&#8221;default&#8221; bg_color=&#8221;#ffffff&#8221; scene_position=&#8221;center&#8221; top_padding=&#8221;10%&#8221; bottom_padding=&#8221;10%&#8221; text_color=&#8221;dark&#8221; text_align=&#8221;left&#8221; row_border_radius=&#8221;none&#8221; row_border_radius_applies=&#8221;bg&#8221; overflow=&#8221;visible&#8221; overlay_strength=&#8221;0.5&#8243; gradient_direction=&#8221;left_to_right&#8221; shape_divider_position=&#8221;bottom&#8221; bg_image_animation=&#8221;none&#8221;][vc_column column_padding=&#8221;no-extra-padding&#8221; column_padding_tablet=&#8221;inherit&#8221; column_padding_phone=&#8221;inherit&#8221; column_padding_position=&#8221;all&#8221; column_element_direction_desktop=&#8221;default&#8221; column_element_spacing=&#8221;default&#8221; desktop_text_alignment=&#8221;default&#8221; tablet_text_alignment=&#8221;default&#8221; phone_text_alignment=&#8221;default&#8221; background_color_opacity=&#8221;1&#8243; background_hover_color_opacity=&#8221;1&#8243; column_backdrop_filter=&#8221;none&#8221; column_shadow=&#8221;none&#8221; column_border_radius=&#8221;none&#8221; column_link_target=&#8221;_self&#8221; column_position=&#8221;default&#8221; gradient_direction=&#8221;left_to_right&#8221; overlay_strength=&#8221;0.3&#8243; width=&#8221;1\/1&#8243; tablet_width_inherit=&#8221;default&#8221; animation_type=&#8221;default&#8221; bg_image_animation=&#8221;none&#8221; border_type=&#8221;simple&#8221; column_border_width=&#8221;none&#8221; column_border_style=&#8221;solid&#8221;][vc_row_inner column_margin=&#8221;default&#8221; column_direction=&#8221;default&#8221; column_direction_tablet=&#8221;default&#8221; column_direction_phone=&#8221;default&#8221; text_align=&#8221;left&#8221; row_position=&#8221;default&#8221; row_position_tablet=&#8221;inherit&#8221; row_position_phone=&#8221;inherit&#8221; overflow=&#8221;visible&#8221; pointer_events=&#8221;all&#8221;][vc_column_inner column_padding=&#8221;no-extra-padding&#8221; column_padding_tablet=&#8221;inherit&#8221; column_padding_phone=&#8221;inherit&#8221; column_padding_position=&#8221;all&#8221; column_element_direction_desktop=&#8221;default&#8221; column_element_spacing=&#8221;default&#8221; desktop_text_alignment=&#8221;default&#8221; tablet_text_alignment=&#8221;default&#8221; phone_text_alignment=&#8221;default&#8221; background_color_opacity=&#8221;1&#8243; background_hover_color_opacity=&#8221;1&#8243; column_backdrop_filter=&#8221;none&#8221; column_shadow=&#8221;none&#8221; column_border_radius=&#8221;none&#8221; column_link_target=&#8221;_self&#8221; overflow=&#8221;visible&#8221; gradient_direction=&#8221;left_to_right&#8221; overlay_strength=&#8221;0.3&#8243; width=&#8221;1\/1&#8243; tablet_width_inherit=&#8221;default&#8221; animation_type=&#8221;default&#8221; enable_animation=&#8221;true&#8221; animation=&#8221;fade-in-from-bottom&#8221; animation_easing=&#8221;default&#8221; bg_image_animation=&#8221;none&#8221; border_type=&#8221;simple&#8221; column_border_width=&#8221;none&#8221; column_border_style=&#8221;solid&#8221;][vc_custom_heading text=&#8221;PRESSE&#8221; font_container=&#8221;tag:h2|font_size:48px|text_align:center|color:%233f487f|line_height:57px&#8221; use_theme_fonts=&#8221;yes&#8221; css_animation=&#8221;none&#8221; css=&#8221;&#8221;][vc_column_text css=&#8221;&#8221; text_direction=&#8221;default&#8221;]\n<p>&nbsp;<\/p>\n<p>&nbsp;<\/p>\n[\/vc_column_text][\/vc_column_inner][\/vc_row_inner][vc_row_inner column_margin=&#8221;default&#8221; column_direction=&#8221;default&#8221; column_direction_tablet=&#8221;default&#8221; column_direction_phone=&#8221;default&#8221; text_align=&#8221;left&#8221; row_position=&#8221;default&#8221; row_position_tablet=&#8221;inherit&#8221; row_position_phone=&#8221;inherit&#8221; overflow=&#8221;visible&#8221; pointer_events=&#8221;all&#8221;][vc_column_inner column_padding=&#8221;no-extra-padding&#8221; column_padding_tablet=&#8221;inherit&#8221; column_padding_phone=&#8221;inherit&#8221; column_padding_position=&#8221;all&#8221; column_element_direction_desktop=&#8221;default&#8221; column_element_spacing=&#8221;default&#8221; desktop_text_alignment=&#8221;default&#8221; tablet_text_alignment=&#8221;default&#8221; phone_text_alignment=&#8221;default&#8221; background_color_opacity=&#8221;1&#8243; background_hover_color_opacity=&#8221;1&#8243; column_backdrop_filter=&#8221;none&#8221; column_shadow=&#8221;none&#8221; column_border_radius=&#8221;none&#8221; column_link_target=&#8221;_self&#8221; overflow=&#8221;visible&#8221; gradient_direction=&#8221;left_to_right&#8221; overlay_strength=&#8221;0.3&#8243; width=&#8221;1\/4&#8243; tablet_width_inherit=&#8221;default&#8221; animation_type=&#8221;default&#8221; bg_image_animation=&#8221;none&#8221; border_type=&#8221;simple&#8221; column_border_width=&#8221;none&#8221; column_border_style=&#8221;solid&#8221;][image_with_animation image_url=&#8221;2040&#8243; image_size=&#8221;full&#8221; animation_type=&#8221;entrance&#8221; animation=&#8221;None&#8221; animation_movement_type=&#8221;transform_y&#8221; hover_animation=&#8221;none&#8221; alignment=&#8221;&#8221; border_radius=&#8221;none&#8221; box_shadow=&#8221;none&#8221; image_loading=&#8221;default&#8221; max_width=&#8221;100%&#8221; max_width_mobile=&#8221;default&#8221; img_link=&#8221;https:\/\/www.editions-ulmer.fr\/editions-ulmer\/la-cuisine-des-algues-cueillette-recettes-iodees-1067-per-cl.htm&#8221;][vc_column_text css=&#8221;&#8221; text_direction=&#8221;default&#8221;]\n<p>&nbsp;<\/p>\n[\/vc_column_text][nectar_cta btn_style=&#8221;see-through&#8221; heading_tag=&#8221;h2&#8243; border_radius=&#8221;-29&#8243; button_color=&#8221;default&#8221; text_color=&#8221;#d18e8c&#8221; text_color_hover=&#8221;#d18e8c&#8221; button_border_thickness=&#8221;0px&#8221; link_type=&#8221;regular&#8221; alignment=&#8221;center&#8221; alignment_tablet=&#8221;default&#8221; alignment_phone=&#8221;default&#8221; display=&#8221;block&#8221; display_tablet=&#8221;inherit&#8221; display_phone=&#8221;inherit&#8221; text=&#8221;COMMANDER&#8221; url=&#8221;https:\/\/www.editions-ulmer.fr\/editions-ulmer\/la-cuisine-des-algues-cueillette-recettes-iodees-1067-per-cl.htm&#8221;][vc_column_text css=&#8221;&#8221; text_direction=&#8221;default&#8221;]\n<h6><\/h6>\n<h6><\/h6>\n<h6><\/h6>\n<h6><\/h6>\n<p>&nbsp;<\/p>\n<p>&nbsp;<\/p>\n<p>&nbsp;<\/p>\n[\/vc_column_text][image_with_animation image_url=&#8221;2042&#8243; image_size=&#8221;medium&#8221; animation_type=&#8221;entrance&#8221; animation=&#8221;None&#8221; animation_movement_type=&#8221;transform_y&#8221; hover_animation=&#8221;none&#8221; alignment=&#8221;&#8221; border_radius=&#8221;none&#8221; box_shadow=&#8221;none&#8221; image_loading=&#8221;default&#8221; max_width=&#8221;100%&#8221; max_width_mobile=&#8221;default&#8221;][\/vc_column_inner][vc_column_inner column_padding=&#8221;no-extra-padding&#8221; column_padding_tablet=&#8221;inherit&#8221; column_padding_phone=&#8221;inherit&#8221; column_padding_position=&#8221;all&#8221; column_element_direction_desktop=&#8221;default&#8221; column_element_spacing=&#8221;default&#8221; desktop_text_alignment=&#8221;default&#8221; tablet_text_alignment=&#8221;default&#8221; phone_text_alignment=&#8221;default&#8221; background_color_opacity=&#8221;1&#8243; background_hover_color_opacity=&#8221;1&#8243; column_backdrop_filter=&#8221;none&#8221; column_shadow=&#8221;none&#8221; column_border_radius=&#8221;none&#8221; column_link_target=&#8221;_self&#8221; overflow=&#8221;visible&#8221; gradient_direction=&#8221;left_to_right&#8221; overlay_strength=&#8221;0.3&#8243; width=&#8221;1\/2&#8243; tablet_width_inherit=&#8221;default&#8221; animation_type=&#8221;default&#8221; enable_animation=&#8221;true&#8221; animation=&#8221;fade-in-from-bottom&#8221; animation_easing=&#8221;default&#8221; bg_image_animation=&#8221;none&#8221; border_type=&#8221;simple&#8221; column_border_width=&#8221;none&#8221; column_border_style=&#8221;solid&#8221; delay=&#8221;50&#8243;][vc_column_text css=&#8221;&#8221; text_direction=&#8221;default&#8221;]\n<div id=\"catLivre\">\n<h1><strong>La cuisine des algues<\/strong><\/h1>\n<h4>Cueillette &amp; recettes iod\u00e9es<\/h4>\n<p>&nbsp;<\/p>\n<\/div>\n<h6 class=\"catLivre-auteurs\">Tiphaine PERRON<\/h6>\n<h6 class=\"catLivre-autre\">144\u00a0pages<\/h6>\n<h6 class=\"catLivre-autre\">Format\u00a0:\u00a015 x 20,5 cm<\/h6>\n<h6 class=\"catLivre-autre\">ISBN :\u00a09782379224904<\/h6>\n<h6 class=\"catLivre-autre\">Ann\u00e9e d&#8217;\u00e9dition :\u00a02026<\/h6>\n<h6 class=\"catLivre-autre\">Collection : Cuisiner la nature<\/h6>\n<h6 class=\"catLivre-paraitre-date\">Date de parution :\u00a07 mai 2026<\/h6>\n<hr \/>\n<h6><\/h6>\n<h6><em>Invitez ce produit sauvage aux nombreux bienfaits nutritionnels dans vos assiettes<\/em><\/h6>\n<p>&nbsp;<\/p>\n<p>Crackers d\u2019algues, chips de kombu au s\u00e9same, risotto petit pois-wakam\u00e9, bouillon dashi, mousse au chocolat-nori, pannacotta rhubarbe-nori\u2026 Au rythme des mar\u00e9es, Tiphaine Perron, cueilleuse professionnelle, vous initie \u00e0 la r\u00e9colte raisonn\u00e9e des algues et \u00e0 leur cuisine, au fil des saisons. De la laitue de mer au wakam\u00e9, du nori au kombu royal, elle partage son savoir-faire pour reconna\u00eetre, conserver et sublimer les sept algues les plus connues de nos c\u00f4tes. Avec 40 recettes iod\u00e9es, sal\u00e9es et sucr\u00e9es, elle marie terre et mer pour une cuisine cr\u00e9ative, accessible et durable.<\/p>\n<h6><\/h6>\n<h6><em>Photographies de<strong> Kathleen Junion<\/strong><\/em><\/h6>\n[\/vc_column_text][\/vc_column_inner][\/vc_row_inner][vc_row_inner column_margin=&#8221;default&#8221; column_direction=&#8221;default&#8221; column_direction_tablet=&#8221;default&#8221; column_direction_phone=&#8221;default&#8221; top_padding=&#8221;20&#8243; text_align=&#8221;left&#8221; row_position=&#8221;default&#8221; row_position_tablet=&#8221;inherit&#8221; row_position_phone=&#8221;inherit&#8221; overflow=&#8221;visible&#8221; pointer_events=&#8221;all&#8221;][vc_column_inner column_padding=&#8221;padding-3-percent&#8221; column_padding_tablet=&#8221;inherit&#8221; column_padding_phone=&#8221;inherit&#8221; column_padding_position=&#8221;all&#8221; column_element_direction_desktop=&#8221;default&#8221; column_element_spacing=&#8221;default&#8221; centered_text=&#8221;true&#8221; desktop_text_alignment=&#8221;default&#8221; tablet_text_alignment=&#8221;default&#8221; phone_text_alignment=&#8221;default&#8221; background_color_opacity=&#8221;1&#8243; background_hover_color_opacity=&#8221;1&#8243; column_backdrop_filter=&#8221;none&#8221; column_shadow=&#8221;none&#8221; column_border_radius=&#8221;none&#8221; column_link_target=&#8221;_self&#8221; overflow=&#8221;visible&#8221; gradient_direction=&#8221;left_to_right&#8221; overlay_strength=&#8221;0.3&#8243; width=&#8221;1\/3&#8243; tablet_width_inherit=&#8221;default&#8221; animation_type=&#8221;default&#8221; enable_animation=&#8221;true&#8221; animation=&#8221;fade-in-from-bottom&#8221; animation_easing=&#8221;default&#8221; bg_image_animation=&#8221;none&#8221; border_type=&#8221;simple&#8221; column_border_width=&#8221;none&#8221; column_border_style=&#8221;solid&#8221;][image_with_animation image_url=&#8221;2045&#8243; image_size=&#8221;full&#8221; animation_type=&#8221;entrance&#8221; animation=&#8221;None&#8221; animation_movement_type=&#8221;transform_y&#8221; hover_animation=&#8221;none&#8221; alignment=&#8221;&#8221; border_radius=&#8221;none&#8221; box_shadow=&#8221;none&#8221; image_loading=&#8221;default&#8221; max_width=&#8221;100%&#8221; max_width_mobile=&#8221;default&#8221; img_link=&#8221;https:\/\/www.youtube.com\/shorts\/KBXmeuQv5cI&#8221;][vc_column_text css=&#8221;&#8221; text_direction=&#8221;default&#8221;]\n<p style=\"text-align: center;\"><span style=\"color: #008080;\"><strong>Exp\u00e9rience Bretonne<\/strong> \u00a0<\/span><em><span style=\"color: #008080;\">Cueillette &amp; d\u00e9gustation<\/span><\/em><\/p>\n[\/vc_column_text][nectar_cta btn_style=&#8221;material&#8221; heading_tag=&#8221;h4&#8243; border_radius=&#8221;45&#8243; text_color=&#8221;#486f70&#8243; text_color_hover=&#8221;#486f70&#8243; link_type=&#8221;regular&#8221; alignment=&#8221;center&#8221; alignment_tablet=&#8221;default&#8221; alignment_phone=&#8221;default&#8221; display=&#8221;inline&#8221; display_tablet=&#8221;inherit&#8221; display_phone=&#8221;inherit&#8221; url=&#8221;https:\/\/www.tourismebretagne.com\/preparer-mon-sejour\/experiences-bretonnes\/cueillette-algues-petite-cuisine-erquy\/&#8221; text=&#8221;Article&#8221;][image_with_animation image_url=&#8221;2043&#8243; image_size=&#8221;medium&#8221; animation_type=&#8221;entrance&#8221; animation=&#8221;None&#8221; animation_movement_type=&#8221;transform_y&#8221; hover_animation=&#8221;none&#8221; alignment=&#8221;&#8221; border_radius=&#8221;none&#8221; box_shadow=&#8221;none&#8221; image_loading=&#8221;default&#8221; max_width=&#8221;100%&#8221; max_width_mobile=&#8221;default&#8221; img_link=&#8221;https:\/\/www.tourismebretagne.com\/preparer-mon-sejour\/exp\u00e9riences-bretonnes\/cueillette-algues-petite-cuisine-erquy\/&#8221;][vc_column_text css=&#8221;&#8221; text_direction=&#8221;default&#8221;][\/vc_column_text][\/vc_column_inner][vc_column_inner column_padding=&#8221;padding-3-percent&#8221; column_padding_tablet=&#8221;inherit&#8221; column_padding_phone=&#8221;inherit&#8221; column_padding_position=&#8221;all&#8221; column_element_direction_desktop=&#8221;default&#8221; column_element_spacing=&#8221;default&#8221; centered_text=&#8221;true&#8221; desktop_text_alignment=&#8221;default&#8221; tablet_text_alignment=&#8221;default&#8221; phone_text_alignment=&#8221;default&#8221; background_color_opacity=&#8221;1&#8243; background_hover_color_opacity=&#8221;1&#8243; column_backdrop_filter=&#8221;none&#8221; column_shadow=&#8221;none&#8221; column_border_radius=&#8221;none&#8221; column_link_target=&#8221;_self&#8221; overflow=&#8221;visible&#8221; gradient_direction=&#8221;left_to_right&#8221; overlay_strength=&#8221;0.3&#8243; width=&#8221;1\/3&#8243; tablet_width_inherit=&#8221;default&#8221; animation_type=&#8221;default&#8221; enable_animation=&#8221;true&#8221; animation=&#8221;fade-in-from-bottom&#8221; animation_easing=&#8221;default&#8221; bg_image_animation=&#8221;none&#8221; border_type=&#8221;simple&#8221; column_border_width=&#8221;none&#8221; column_border_style=&#8221;solid&#8221;][image_with_animation image_url=&#8221;2046&#8243; image_size=&#8221;full&#8221; animation_type=&#8221;entrance&#8221; animation=&#8221;None&#8221; animation_movement_type=&#8221;transform_y&#8221; hover_animation=&#8221;none&#8221; alignment=&#8221;&#8221; border_radius=&#8221;none&#8221; box_shadow=&#8221;none&#8221; image_loading=&#8221;default&#8221; max_width=&#8221;100%&#8221; max_width_mobile=&#8221;default&#8221; img_link=&#8221;https:\/\/www.france.tv\/info\/la-houle\/5578437-la-houle-tiphaine-et-les-algues.html&#8221;][vc_column_text css=&#8221;&#8221; text_direction=&#8221;default&#8221;]\n<h6><\/h6>\n<p><span style=\"color: #008080;\"><strong>LA HOULE &#8211; 2023<\/strong><\/span><\/p>\n<p><span style=\"color: #008080;\"><em>S\u00e9rie documentaire, r<\/em><em>\u00e9alis\u00e9e par <strong>M\u00e9gane Murgia<\/strong>, <\/em><em>qui va \u00e0 la rencontre des initiatives positives sur le littoral breton.<\/em><\/span><\/p>\n<h6><em>Un simple souffle sur l&#8217;oc\u00e9an d\u00e9clenche un mouvement, une ondulation qui se propage jusqu&#8217;\u00e0 fa\u00e7onner une belle vague du rivage. La Houle partage son \u00e9nergie pour former une s\u00e9rie et ensemble, le temps d&#8217;un instant, composer l&#8217;horizon de ses cr\u00eates brillantes.<\/em><\/h6>\n<h6>Chaque \u00e9pisode fait le portrait d\u2019un personnage engag\u00e9, on d\u00e9couvre son parcours, son environnement et surtout la solution durable qu\u2019il a cr\u00e9\u00e9e.<\/h6>\n[\/vc_column_text][image_with_animation image_url=&#8221;2044&#8243; image_size=&#8221;medium&#8221; animation_type=&#8221;entrance&#8221; animation=&#8221;None&#8221; animation_movement_type=&#8221;transform_y&#8221; hover_animation=&#8221;none&#8221; alignment=&#8221;&#8221; border_radius=&#8221;none&#8221; box_shadow=&#8221;none&#8221; image_loading=&#8221;default&#8221; max_width=&#8221;100%&#8221; max_width_mobile=&#8221;default&#8221;][\/vc_column_inner][vc_column_inner column_padding=&#8221;padding-3-percent&#8221; column_padding_tablet=&#8221;inherit&#8221; column_padding_phone=&#8221;inherit&#8221; column_padding_position=&#8221;all&#8221; column_element_direction_desktop=&#8221;default&#8221; column_element_spacing=&#8221;default&#8221; centered_text=&#8221;true&#8221; desktop_text_alignment=&#8221;default&#8221; tablet_text_alignment=&#8221;default&#8221; phone_text_alignment=&#8221;default&#8221; background_color_opacity=&#8221;1&#8243; background_hover_color_opacity=&#8221;1&#8243; column_backdrop_filter=&#8221;none&#8221; column_shadow=&#8221;none&#8221; column_border_radius=&#8221;none&#8221; column_link_target=&#8221;_self&#8221; overflow=&#8221;visible&#8221; gradient_direction=&#8221;left_to_right&#8221; overlay_strength=&#8221;0.3&#8243; width=&#8221;1\/3&#8243; tablet_width_inherit=&#8221;default&#8221; animation_type=&#8221;default&#8221; enable_animation=&#8221;true&#8221; animation=&#8221;fade-in-from-bottom&#8221; animation_easing=&#8221;default&#8221; bg_image_animation=&#8221;none&#8221; border_type=&#8221;simple&#8221; column_border_width=&#8221;none&#8221; column_border_style=&#8221;solid&#8221;][image_with_animation image_url=&#8221;2053&#8243; image_size=&#8221;full&#8221; animation_type=&#8221;entrance&#8221; animation=&#8221;None&#8221; animation_movement_type=&#8221;transform_y&#8221; hover_animation=&#8221;none&#8221; alignment=&#8221;&#8221; border_radius=&#8221;none&#8221; box_shadow=&#8221;none&#8221; image_loading=&#8221;default&#8221; max_width=&#8221;100%&#8221; max_width_mobile=&#8221;default&#8221; img_link=&#8221;https:\/\/www.france.tv\/info\/la-houle\/5578446-la-houle-le-tuto-detiphaine-pour-r\u00e9aliser-des-crakers-aux-algues.html&#8221;][vc_column_text css=&#8221;&#8221; text_direction=&#8221;default&#8221;]\n<h4><\/h4>\n<h4><span style=\"color: #008080;\"><strong>LA HOULE<\/strong> &#8211; 2023<\/span><\/h4>\n<p><span style=\"color: #008080;\"><em>S\u00e9rie documentaire, r<\/em><em>\u00e9alis\u00e9e par <strong>M\u00e9gane Murgia<\/strong>, <\/em><em>qui va \u00e0 la rencontre des initiatives positives sur le littoral breton.<\/em><\/span><\/p>\n<h6>Chaque \u00e9pisode fait le portrait d\u2019un personnage engag\u00e9, on d\u00e9couvre son parcours, son environnement et surtout la solution durable qu\u2019il a cr\u00e9\u00e9e.<\/h6>\n<h6>\u00c0 la suite de l&#8217;\u00e9pisode, chaque personnage propose une recette ou tuto DIY pour montrer qu&#8217;il est facile de mettre du changement dans son quotidien.<\/h6>\n[\/vc_column_text][image_with_animation image_url=&#8221;2044&#8243; image_size=&#8221;medium&#8221; animation_type=&#8221;entrance&#8221; animation=&#8221;None&#8221; animation_movement_type=&#8221;transform_y&#8221; hover_animation=&#8221;none&#8221; alignment=&#8221;&#8221; border_radius=&#8221;none&#8221; box_shadow=&#8221;none&#8221; image_loading=&#8221;default&#8221; max_width=&#8221;100%&#8221; max_width_mobile=&#8221;default&#8221;][\/vc_column_inner][\/vc_row_inner][\/vc_column][\/vc_row][vc_row type=&#8221;in_container&#8221; full_screen_row_position=&#8221;middle&#8221; column_margin=&#8221;default&#8221; column_direction=&#8221;default&#8221; column_direction_tablet=&#8221;default&#8221; column_direction_phone=&#8221;default&#8221; scene_position=&#8221;center&#8221; text_color=&#8221;dark&#8221; text_align=&#8221;left&#8221; row_border_radius=&#8221;none&#8221; row_border_radius_applies=&#8221;bg&#8221; overflow=&#8221;visible&#8221; overlay_strength=&#8221;0.3&#8243; gradient_direction=&#8221;left_to_right&#8221; shape_divider_position=&#8221;bottom&#8221; bg_image_animation=&#8221;none&#8221;][vc_column column_padding=&#8221;no-extra-padding&#8221; column_padding_tablet=&#8221;inherit&#8221; column_padding_phone=&#8221;inherit&#8221; column_padding_position=&#8221;all&#8221; column_element_direction_desktop=&#8221;default&#8221; column_element_spacing=&#8221;default&#8221; desktop_text_alignment=&#8221;default&#8221; tablet_text_alignment=&#8221;default&#8221; phone_text_alignment=&#8221;default&#8221; background_color_opacity=&#8221;1&#8243; background_hover_color_opacity=&#8221;1&#8243; column_backdrop_filter=&#8221;none&#8221; column_shadow=&#8221;none&#8221; column_border_radius=&#8221;none&#8221; column_link_target=&#8221;_self&#8221; column_position=&#8221;default&#8221; gradient_direction=&#8221;left_to_right&#8221; overlay_strength=&#8221;0.3&#8243; width=&#8221;1\/2&#8243; tablet_width_inherit=&#8221;default&#8221; animation_type=&#8221;default&#8221; bg_image_animation=&#8221;none&#8221; border_type=&#8221;simple&#8221; column_border_width=&#8221;none&#8221; column_border_style=&#8221;solid&#8221;][vc_gallery css=&#8221;&#8221; type=&#8221;flickity_static_height_style&#8221; images=&#8221;2057,2058,2059&#8243; flickity_spacing=&#8221;15px&#8221; flickity_controls=&#8221;pagination&#8221; flickity_overflow=&#8221;hidden&#8221; flickity_wrap_around=&#8221;wrap&#8221; flickity_box_shadow=&#8221;none&#8221; image_loading=&#8221;default&#8221; onclick=&#8221;link_no&#8221;][vc_column_text css=&#8221;&#8221; text_direction=&#8221;default&#8221;]\n<p>&nbsp;<\/p>\n<p>&nbsp;<\/p>\n[\/vc_column_text][vc_column_text css=&#8221;&#8221; text_direction=&#8221;default&#8221;]\n<h1><\/h1>\n<h2 class=\"product-title preFade fadeIn\">LES BONNES CHOSES #2<\/h2>\n<p><strong>Maxime Lancien<\/strong><\/p>\n<hr \/>\n<div class=\"product-description hidden-down-md\">\n<h6 class=\"preFade fadeIn\" data-rte-preserve-empty=\"true\">Le journal des <em>Bonnes Choses<\/em> revient ! Les Bonnes Choses tendent l\u2019oreille \u00e0 celles et ceux qui ne misent pas sur notre empoisonnement. \u00c0 rebours de l\u2019agriculture productiviste, certain\u00b7es r\u00e9sistent et remplissent nos assiettes autrement.<\/h6>\n<h6 class=\"preFade fadeIn\" data-rte-preserve-empty=\"true\">Ce 2 \u00e8me num\u00e9ro passe d\u00e9sormais \u00e0 24 pages, pour un sommaire toujours aussi all\u00e9chant. La direction artistique de cette publication ind\u00e9pendante est confi\u00e9e \u00e0 <em><strong>Julie Chapalain<\/strong><\/em>.<\/h6>\n<h6><\/h6>\n<\/div>\n[\/vc_column_text][\/vc_column][vc_column column_padding=&#8221;no-extra-padding&#8221; column_padding_tablet=&#8221;inherit&#8221; column_padding_phone=&#8221;inherit&#8221; column_padding_position=&#8221;all&#8221; column_element_direction_desktop=&#8221;default&#8221; column_element_spacing=&#8221;default&#8221; desktop_text_alignment=&#8221;default&#8221; tablet_text_alignment=&#8221;default&#8221; phone_text_alignment=&#8221;default&#8221; background_color_opacity=&#8221;1&#8243; background_hover_color_opacity=&#8221;1&#8243; column_backdrop_filter=&#8221;none&#8221; column_shadow=&#8221;none&#8221; column_border_radius=&#8221;none&#8221; column_link_target=&#8221;_self&#8221; column_position=&#8221;default&#8221; gradient_direction=&#8221;left_to_right&#8221; overlay_strength=&#8221;0.3&#8243; width=&#8221;1\/2&#8243; tablet_width_inherit=&#8221;default&#8221; animation_type=&#8221;default&#8221; bg_image_animation=&#8221;none&#8221; border_type=&#8221;simple&#8221; column_border_width=&#8221;none&#8221; column_border_style=&#8221;solid&#8221;][vc_gallery css=&#8221;&#8221; type=&#8221;flickity_static_height_style&#8221; images=&#8221;2062,2063,2064,2065&#8243; flickity_spacing=&#8221;15px&#8221; flickity_controls=&#8221;pagination&#8221; flickity_overflow=&#8221;hidden&#8221; flickity_wrap_around=&#8221;wrap&#8221; flickity_box_shadow=&#8221;none&#8221; image_loading=&#8221;default&#8221; onclick=&#8221;link_no&#8221;][vc_column_text css=&#8221;&#8221; text_direction=&#8221;default&#8221;]\n<p>&nbsp;<\/p>\n<p>&nbsp;<\/p>\n[\/vc_column_text][vc_column_text css=&#8221;&#8221; text_direction=&#8221;default&#8221;]\n<h2>THE PRESERVE JOURNAL<\/h2>\n<p><strong>Contents \u2014 Issue no 9<\/strong><\/p>\n<p>Photos <em><strong>Elodie Villalon<\/strong><\/em><\/p>\n<hr \/>\n<h6><strong>Reflections from a Cherished Guest:\u00a0Storytelling as soft activism<br \/>\n<\/strong>Words by Mathilde Morin<\/h6>\n<h6><em><strong>Fieldnotes from The Preserve Journal office: On How to Relate to Landscapes<\/strong><\/em><br \/>\nWords by Michelle S. S\u00f8rensen<\/h6>\n<h6><strong><em>Pastry (and so much more) in San Cristobal, Galapagos<\/em><\/strong><br \/>\nWords and illustrations by\u00a0Marie Kerkeling<br \/>\n\u2060<br \/>\n<em><strong>The Gift: Collaboration, reciprocity and seed activism<\/strong><\/em><br \/>\nWords by Rachel Maria Taylor, photography by Jody Daunton<br \/>\n\u2060<br \/>\n<em><strong>Choices, Compromises, and Counter-culturalists: Ideals and Practice in the Back-to-the-land Movement in the US, 1965-1975<\/strong><\/em><br \/>\nWords by Ailish Lalor, illustrations by Anna Lorenz<br \/>\n\u2060<br \/>\n<em><strong>Return to Ritual: A call for a radical shift in the way we perceive time<\/strong><\/em><br \/>\nWords by\u00a0Will Dorman,\u00a0illustration by Regina Idiartegaray<br \/>\n\u2060<br \/>\n<em><strong>A Bite Sized Guide to Queering Consumption<\/strong><\/em><br \/>\nWords and photography by\u00a0Barney Pau<br \/>\n\u2060<br \/>\n<span style=\"color: #008080;\"><em><strong>Seaweed from Brittany, France: an interview with Tiphaine Perron<\/strong><\/em><\/span><br \/>\n<span style=\"color: #008080;\">Words and photography by\u00a0Elodie Villalon<\/span><br \/>\n\u2060<br \/>\n<em><strong>Looking back, looking forward: Chef Nak\u2019s quest to save and share Cambodia\u2019s cooking<\/strong><\/em><br \/>\nWords by Kristofer Phan Coffman,\u00a0artwork by Marta Claret<br \/>\n\u2060<br \/>\n<em><strong>Fermented foods: A (still) invisible microbial revolution<\/strong><\/em><br \/>\nWords\u00a0by\u00a0Jos\u00e9 Guilherme Prado Martin, illustrations by\u00a0Anna Lorenz<br \/>\n\u2060<br \/>\n<em><strong>In conversation with Merlin Labron-Johnson from Osip Restaurant, Somerset UK<\/strong><\/em><br \/>\nInterview\u00a0by The Preserve Journal team,\u00a0photography by Maureen Evans<\/h6>\n<h6><em><strong>The Missing Link: Can Animal husbandry and meat consumption contribute to climate mitigation and land regeneration?<\/strong><\/em><br \/>\nWords by\u00a0Jesse Buratti-Donham, illustrations by Nanni Gabrielle<br \/>\n\u2060<br \/>\n<strong>A Plate of One&#8217;s Own<\/strong><br \/>\nWords and photography by\u00a0April Rose Jackson<\/h6>\n<h6><em><strong>Is this burek?<\/strong><\/em><br \/>\nWords\u00a0by\u00a0Marianne Camille Srebrenka Cvitkovi\u0107, illustrations\u00a0by\u00a0Tessa Curran<\/h6>\n<h6><\/h6>\n[\/vc_column_text][\/vc_column][\/vc_row]\n","protected":false},"excerpt":{"rendered":"<p>[vc_row type=&#8221;full_width_background&#8221; full_screen_row_position=&#8221;middle&#8221; column_margin=&#8221;default&#8221; column_direction=&#8221;default&#8221; column_direction_tablet=&#8221;default&#8221; column_direction_phone=&#8221;default&#8221; bg_color=&#8221;#ffffff&#8221; scene_position=&#8221;center&#8221; top_padding=&#8221;10%&#8221; bottom_padding=&#8221;10%&#8221; text_color=&#8221;dark&#8221; text_align=&#8221;left&#8221; row_border_radius=&#8221;none&#8221; row_border_radius_applies=&#8221;bg&#8221; overflow=&#8221;visible&#8221; overlay_strength=&#8221;0.5&#8243; gradient_direction=&#8221;left_to_right&#8221; shape_divider_position=&#8221;bottom&#8221; bg_image_animation=&#8221;none&#8221;][vc_column column_padding=&#8221;no-extra-padding&#8221; column_padding_tablet=&#8221;inherit&#8221; column_padding_phone=&#8221;inherit&#8221; column_padding_position=&#8221;all&#8221; column_element_direction_desktop=&#8221;default&#8221; column_element_spacing=&#8221;default&#8221; desktop_text_alignment=&#8221;default&#8221; tablet_text_alignment=&#8221;default&#8221; phone_text_alignment=&#8221;default&#8221; background_color_opacity=&#8221;1&#8243;&#8230;<\/p>\n","protected":false},"author":1,"featured_media":0,"parent":0,"menu_order":0,"comment_status":"closed","ping_status":"closed","template":"","meta":{"_price":"","_stock":"","_tribe_ticket_header":"","_tribe_default_ticket_provider":"","_ticket_start_date":"","_ticket_end_date":"","_tribe_ticket_show_description":"","_tribe_ticket_show_not_going":false,"_tribe_ticket_use_global_stock":"","_tribe_ticket_global_stock_level":"","_global_stock_mode":"","_global_stock_cap":"","_tribe_rsvp_for_event":"","_tribe_ticket_going_count":"","_tribe_ticket_not_going_count":"","_tribe_tickets_list":"[]","_tribe_ticket_has_attendee_info_fields":false,"footnotes":"","_tec_slr_enabled":"","_tec_slr_layout":""},"class_list":["post-1740","page","type-page","status-publish"],"ticketed":false,"_links":{"self":[{"href":"https:\/\/www.coeurdalgues.fr\/index.php\/wp-json\/wp\/v2\/pages\/1740","targetHints":{"allow":["GET"]}}],"collection":[{"href":"https:\/\/www.coeurdalgues.fr\/index.php\/wp-json\/wp\/v2\/pages"}],"about":[{"href":"https:\/\/www.coeurdalgues.fr\/index.php\/wp-json\/wp\/v2\/types\/page"}],"author":[{"embeddable":true,"href":"https:\/\/www.coeurdalgues.fr\/index.php\/wp-json\/wp\/v2\/users\/1"}],"replies":[{"embeddable":true,"href":"https:\/\/www.coeurdalgues.fr\/index.php\/wp-json\/wp\/v2\/comments?post=1740"}],"version-history":[{"count":12,"href":"https:\/\/www.coeurdalgues.fr\/index.php\/wp-json\/wp\/v2\/pages\/1740\/revisions"}],"predecessor-version":[{"id":2073,"href":"https:\/\/www.coeurdalgues.fr\/index.php\/wp-json\/wp\/v2\/pages\/1740\/revisions\/2073"}],"wp:attachment":[{"href":"https:\/\/www.coeurdalgues.fr\/index.php\/wp-json\/wp\/v2\/media?parent=1740"}],"curies":[{"name":"wp","href":"https:\/\/api.w.org\/{rel}","templated":true}]}}